{"id":2850,"date":"2025-09-05T16:01:55","date_gmt":"2025-09-05T21:01:55","guid":{"rendered":"http:\/\/clusterec.produccion.gob.ec\/?page_id=2850"},"modified":"2026-04-08T15:31:42","modified_gmt":"2026-04-08T20:31:42","slug":"borrador-automatico-2","status":"publish","type":"page","link":"http:\/\/clusterec.produccion.gob.ec\/?page_id=2850","title":{"rendered":"agenda 2025"},"content":{"rendered":"<p>[et_pb_section fb_built=\u00bb1&#8243; fullwidth=\u00bbon\u00bb next_background_color=\u00bb#ffffff\u00bb admin_label=\u00bbHeader Section\u00bb _builder_version=\u00bb4.11.2&#8243; background_color=\u00bb#000000&#8243; background_image=\u00bbhttp:\/\/clusterec.produccion.gob.ec\/wp-content\/uploads\/2025\/09\/wWh8zXNl9rLElGTgEO3K.jpg\u00bb bottom_divider_style=\u00bbramp\u00bb bottom_divider_flip=\u00bbhorizontal\u00bb global_colors_info=\u00bb{}\u00bb][et_pb_fullwidth_header title=\u00bb\u00bfQu\u00e9 es la Agenda Nacional de Cl\u00fasteres?\u00bb text_orientation=\u00bbcenter\u00bb content_max_width=\u00bb640px\u00bb _builder_version=\u00bb4.11.2&#8243; title_font=\u00bbAcme|||on|||||\u00bb title_text_color=\u00bbrgba(255,255,255,0.99)\u00bb title_font_size=\u00bb38px\u00bb title_letter_spacing=\u00bb3px\u00bb title_line_height=\u00bb1.5em\u00bb content_font=\u00bbAdamina||||||||\u00bb content_font_size=\u00bb20px\u00bb content_line_height=\u00bb2em\u00bb subhead_font=\u00bbLora|700|||||||\u00bb subhead_font_size=\u00bb60px\u00bb subhead_line_height=\u00bb1.5em\u00bb background_color=\u00bbrgba(255,255,255,0)\u00bb background_enable_image=\u00bboff\u00bb parallax=\u00bbon\u00bb parallax_method=\u00bbon\u00bb custom_button_one=\u00bbon\u00bb button_one_text_size=\u00bb16px\u00bb button_one_text_color=\u00bb#ffffff\u00bb button_one_bg_color=\u00bb#d29f68&#8243; button_one_border_width=\u00bb15px\u00bb button_one_border_color=\u00bbrgba(210,159,104,0)\u00bb button_one_border_radius=\u00bb100px\u00bb button_one_letter_spacing=\u00bb3px\u00bb button_one_font=\u00bbOswald|||on|||||\u00bb button_one_use_icon=\u00bboff\u00bb custom_button_two=\u00bbon\u00bb button_two_text_size=\u00bb16px\u00bb button_two_text_color=\u00bb#ffffff\u00bb button_two_bg_color=\u00bbrgba(255,255,255,0.35)\u00bb button_two_border_width=\u00bb15px\u00bb button_two_border_color=\u00bbrgba(0,0,0,0)\u00bb button_two_border_radius=\u00bb100px\u00bb button_two_letter_spacing=\u00bb3px\u00bb button_two_font=\u00bbOswald|||on|||||\u00bb button_two_use_icon=\u00bboff\u00bb custom_margin=\u00bb|||\u00bb custom_padding=\u00bb90px||90px||true\u00bb animation_style=\u00bbzoom\u00bb animation_duration=\u00bb2000ms\u00bb animation_intensity_zoom=\u00bb4%\u00bb subhead_font_size_tablet=\u00bb\u00bb subhead_font_size_phone=\u00bb50px\u00bb subhead_font_size_last_edited=\u00bbon|desktop\u00bb box_shadow_style=\u00bbpreset6&#8243; text_shadow_style=\u00bbpreset5&#8243; button_one_border_radius_hover=\u00bb100px\u00bb button_one_bg_color_hover=\u00bb#cc8d66&#8243; button_two_bg_color_hover=\u00bb#d29f68&#8243; global_colors_info=\u00bb{}\u00bb button_one_text_size__hover_enabled=\u00bboff\u00bb button_two_text_size__hover_enabled=\u00bboff\u00bb button_one_text_color__hover_enabled=\u00bboff\u00bb button_two_text_color__hover_enabled=\u00bboff\u00bb button_one_border_width__hover_enabled=\u00bboff\u00bb button_two_border_width__hover_enabled=\u00bboff\u00bb button_one_border_color__hover_enabled=\u00bboff\u00bb button_two_border_color__hover_enabled=\u00bboff\u00bb button_one_border_radius__hover_enabled=\u00bbon\u00bb button_one_border_radius__hover=\u00bb100px\u00bb button_two_border_radius__hover_enabled=\u00bboff\u00bb button_one_letter_spacing__hover_enabled=\u00bboff\u00bb button_two_letter_spacing__hover_enabled=\u00bboff\u00bb button_one_bg_color__hover_enabled=\u00bbon\u00bb button_one_bg_color__hover=\u00bb#cc8d66&#8243; button_two_bg_color__hover_enabled=\u00bbon\u00bb button_two_bg_color__hover=\u00bb#d29f68&#8243;][\/et_pb_fullwidth_header][\/et_pb_section][et_pb_section fb_built=\u00bb1&#8243; admin_label=\u00bbAbout Section\u00bb _builder_version=\u00bb3.22&#8243; custom_padding=\u00bb80px|0px|80px|0px|true|false\u00bb global_colors_info=\u00bb{}\u00bb][et_pb_row admin_label=\u00bbAbout Row\u00bb _builder_version=\u00bb4.11.2&#8243; width=\u00bb100%\u00bb max_width=\u00bb2560px\u00bb min_height=\u00bb240.5px\u00bb custom_margin=\u00bb|173px||7px||\u00bb custom_padding=\u00bb5px|||0px||\u00bb global_colors_info=\u00bb{}\u00bb][et_pb_column type=\u00bb4_4&#8243; _builder_version=\u00bb3.25&#8243; custom_padding=\u00bb|||\u00bb global_colors_info=\u00bb{}\u00bb custom_padding__hover=\u00bb|||\u00bb][et_pb_text _builder_version=\u00bb3.27.4&#8243; text_font=\u00bbLora||||||||\u00bb text_font_size=\u00bb18px\u00bb text_line_height=\u00bb2em\u00bb link_font=\u00bb||||||||\u00bb ul_font=\u00bb||||||||\u00bb ol_font=\u00bb||||||||\u00bb quote_font=\u00bb||||||||\u00bb header_2_font=\u00bbLora|700|||||||\u00bb header_2_font_size=\u00bb50px\u00bb header_2_line_height=\u00bb1.5em\u00bb header_3_font=\u00bbLora|700|||||||\u00bb header_3_font_size=\u00bb42px\u00bb header_3_line_height=\u00bb1.5em\u00bb header_5_font=\u00bbOswald|||on|||||\u00bb header_5_text_color=\u00bbrgba(0,0,0,0.4)\u00bb header_5_font_size=\u00bb20px\u00bb header_5_letter_spacing=\u00bb3px\u00bb max_width=\u00bb600px\u00bb max_width_tablet=\u00bb\u00bb max_width_phone=\u00bb\u00bb max_width_last_edited=\u00bbon|phone\u00bb custom_margin_tablet=\u00bb|70px||70px\u00bb custom_margin_phone=\u00bb|50px||50px\u00bb custom_margin_last_edited=\u00bboff|desktop\u00bb text_line_height_last_edited=\u00bboff|desktop\u00bb global_colors_info=\u00bb{}\u00bb]<\/p>\n<h5><\/h5>\n<p>[\/et_pb_text][et_pb_text _builder_version=\u00bb4.11.2&#8243; text_font=\u00bbLora||||||||\u00bb text_font_size=\u00bb18px\u00bb text_line_height=\u00bb2em\u00bb link_font=\u00bb||||||||\u00bb ul_font=\u00bb||||||||\u00bb ol_font=\u00bb||||||||\u00bb quote_font=\u00bb||||||||\u00bb header_2_font=\u00bbLora|700|||||||\u00bb header_2_font_size=\u00bb50px\u00bb header_2_line_height=\u00bb1.5em\u00bb header_5_font=\u00bbOswald|||on|||||\u00bb header_5_text_color=\u00bbrgba(0,0,0,0.4)\u00bb header_5_font_size=\u00bb20px\u00bb header_5_letter_spacing=\u00bb3px\u00bb max_width=\u00bb936px\u00bb max_width_tablet=\u00bb\u00bb max_width_phone=\u00bb\u00bb max_width_last_edited=\u00bbon|phone\u00bb custom_margin=\u00bb|||60px||\u00bb custom_margin_tablet=\u00bb|70px||70px\u00bb custom_margin_phone=\u00bb|50px||50px\u00bb custom_margin_last_edited=\u00bboff|desktop\u00bb custom_padding=\u00bb1px|||0px||\u00bb text_line_height_last_edited=\u00bboff|desktop\u00bb global_colors_info=\u00bb{}\u00bb]<\/p>\n<p>La <strong data-start=\"3\" data-end=\"47\">Agenda Nacional de Cl\u00fasteres del Ecuador<\/strong> es una pol\u00edtica p\u00fablica que impulsa la articulaci\u00f3n productiva y la innovaci\u00f3n mediante la conformaci\u00f3n de cl\u00fasteres sectoriales estrat\u00e9gicos. Su objetivo es fortalecer la competitividad, diversificaci\u00f3n y sostenibilidad de la econom\u00eda nacional.<\/p>\n<p>[\/et_pb_text][\/et_pb_column][\/et_pb_row][et_pb_row column_structure=\u00bb1_2,1_2&#8243; _builder_version=\u00bb4.11.2&#8243; _module_preset=\u00bbdefault\u00bb global_colors_info=\u00bb{}\u00bb][et_pb_column type=\u00bb1_2&#8243; _builder_version=\u00bb4.11.2&#8243; _module_preset=\u00bbdefault\u00bb global_colors_info=\u00bb{}\u00bb][et_pb_text _builder_version=\u00bb4.11.2&#8243; _module_preset=\u00bbdefault\u00bb header_line_height=\u00bb2em\u00bb header_2_font=\u00bbLora|||on|||||\u00bb header_2_text_align=\u00bbleft\u00bb header_2_text_color=\u00bb#efa300&#8243; header_2_letter_spacing=\u00bb9px\u00bb header_4_font=\u00bbLora||||||||\u00bb header_4_text_align=\u00bbjustify\u00bb header_4_text_color=\u00bb#747d88&#8243; header_4_font_size=\u00bb16px\u00bb header_4_line_height=\u00bb1.5em\u00bb global_colors_info=\u00bb{}\u00bb]<\/p>\n<h2>MISI\u00d3N<\/h2>\n<h4>Mejorar los niveles de competitividad de los diferentes ecosistemas del sector productivo mediante la colaboraci\u00f3n p\u00fablico-privada, generando planes y proyectos innovadores que permitan afrontar retos de los sectores de manera estrat\u00e9gica y colaborativa.<\/h4>\n<p>[\/et_pb_text][\/et_pb_column][et_pb_column type=\u00bb1_2&#8243; _builder_version=\u00bb4.11.2&#8243; _module_preset=\u00bbdefault\u00bb global_colors_info=\u00bb{}\u00bb][et_pb_text _builder_version=\u00bb4.11.2&#8243; _module_preset=\u00bbdefault\u00bb header_line_height=\u00bb2em\u00bb header_2_font=\u00bbLora|||on|||||\u00bb header_2_text_align=\u00bbleft\u00bb header_2_text_color=\u00bb#efa300&#8243; header_2_letter_spacing=\u00bb9px\u00bb header_4_font=\u00bbLora||||||||\u00bb header_4_text_align=\u00bbjustify\u00bb header_4_text_color=\u00bb#747d88&#8243; header_4_font_size=\u00bb16px\u00bb header_4_line_height=\u00bb1.5em\u00bb global_colors_info=\u00bb{}\u00bb]<\/p>\n<h2>VISI\u00d3N<\/h2>\n<h4>El Ministerio de Producci\u00f3n, Comercio Exterior, Inversiones y Pesca encaminado a ser referente a nivel regional en el desarrollo productivo con enfoque en innovaci\u00f3n y diferenciaci\u00f3n competitiva, busca posicionar la Agenda Nacional de Cl\u00fasteres a trav\u00e9s de la incubaci\u00f3n y maduraci\u00f3n de estas iniciativas, y que, de este modo, estas puedan dar respuesta a las tendencias de mercado y retos sectoriales.<\/h4>\n<p>[\/et_pb_text][\/et_pb_column][\/et_pb_row][\/et_pb_section][et_pb_section fb_built=\u00bb1&#8243; fullwidth=\u00bbon\u00bb _builder_version=\u00bb4.11.2&#8243; _module_preset=\u00bbdefault\u00bb top_divider_style=\u00bbarrow2&#8243; top_divider_color=\u00bb#ffffff\u00bb global_colors_info=\u00bb{}\u00bb][et_pb_fullwidth_header _builder_version=\u00bb4.11.2&#8243; _module_preset=\u00bbdefault\u00bb background_color=\u00bb#dd862a\u00bb global_colors_info=\u00bb{}\u00bb][\/et_pb_fullwidth_header][\/et_pb_section][et_pb_section fb_built=\u00bb1&#8243; admin_label=\u00bbServices Section\u00bb _builder_version=\u00bb4.11.2&#8243; background_enable_color=\u00bboff\u00bb custom_padding=\u00bb75px|0px|75px|0px|true|false\u00bb locked=\u00bboff\u00bb global_colors_info=\u00bb{}\u00bb][et_pb_row column_structure=\u00bb1_2,1_2&#8243; _builder_version=\u00bb4.11.2&#8243; _module_preset=\u00bbdefault\u00bb width=\u00bb81%\u00bb max_width=\u00bb2560px\u00bb min_height=\u00bb554px\u00bb global_colors_info=\u00bb{}\u00bb][et_pb_column type=\u00bb1_2&#8243; _builder_version=\u00bb4.11.2&#8243; _module_preset=\u00bbdefault\u00bb global_colors_info=\u00bb{}\u00bb][et_pb_text _builder_version=\u00bb4.11.2&#8243; _module_preset=\u00bbdefault\u00bb header_2_font=\u00bbLora|700|||||||\u00bb header_2_text_align=\u00bbcenter\u00bb header_2_text_color=\u00bb#efa300&#8243; header_2_font_size=\u00bb30px\u00bb min_height=\u00bb225.8px\u00bb custom_margin=\u00bb|135px|83px|||\u00bb custom_padding=\u00bb182px|50px||||\u00bb global_colors_info=\u00bb{}\u00bb]<\/p>\n<h2>PRINCIPALES \u00c1REAS DE INTER\u00c9S DE LAS INICIATIVAS CL\u00daSTER<\/h2>\n<p>[\/et_pb_text][\/et_pb_column][et_pb_column type=\u00bb1_2&#8243; _builder_version=\u00bb4.11.2&#8243; _module_preset=\u00bbdefault\u00bb global_colors_info=\u00bb{}\u00bb][et_pb_image src=\u00bbhttp:\/\/clusterec.produccion.gob.ec\/wp-content\/uploads\/2025\/09\/WhatsApp-Image-2025-09-05-at-16.12.58.jpeg\u00bb title_text=\u00bbWhatsApp Image 2025-09-05 at 16.12.58&#8243; _builder_version=\u00bb4.11.2&#8243; _module_preset=\u00bbdefault\u00bb global_colors_info=\u00bb{}\u00bb][\/et_pb_image][\/et_pb_column][\/et_pb_row][et_pb_row _builder_version=\u00bb4.11.2&#8243; _module_preset=\u00bbdefault\u00bb custom_padding=\u00bb||0px|||\u00bb global_colors_info=\u00bb{}\u00bb][et_pb_column type=\u00bb4_4&#8243; _builder_version=\u00bb4.11.2&#8243; _module_preset=\u00bbdefault\u00bb global_colors_info=\u00bb{}\u00bb][et_pb_text _builder_version=\u00bb4.11.2&#8243; _module_preset=\u00bb824e1b7e-91d4-4707-a764-90636df9c3f2&#8243; header_3_font=\u00bbLora|700|||||||\u00bb header_3_text_align=\u00bbcenter\u00bb header_3_text_color=\u00bb#686868&#8243; header_3_font_size=\u00bb32px\u00bb header_3_letter_spacing=\u00bb10px\u00bb min_height=\u00bb86px\u00bb custom_padding=\u00bb||14px|||\u00bb global_colors_info=\u00bb{}\u00bb]<\/p>\n<h3>OBJETIVOS<\/h3>\n<p>[\/et_pb_text][\/et_pb_column][\/et_pb_row][et_pb_row column_structure=\u00bb1_5,1_5,1_5,1_5,1_5&#8243; _builder_version=\u00bb4.11.2&#8243; _module_preset=\u00bbdefault\u00bb width=\u00bb85%\u00bb max_width=\u00bb2180px\u00bb custom_padding=\u00bb27px|||||\u00bb global_colors_info=\u00bb{}\u00bb][et_pb_column type=\u00bb1_5&#8243; _builder_version=\u00bb4.11.2&#8243; _module_preset=\u00bbdefault\u00bb global_colors_info=\u00bb{}\u00bb][et_pb_text _builder_version=\u00bb4.11.2&#8243; _module_preset=\u00bb824e1b7e-91d4-4707-a764-90636df9c3f2&#8243; header_text_align=\u00bbleft\u00bb header_3_font=\u00bbLora|700|||||||\u00bb header_3_text_align=\u00bbleft\u00bb header_3_text_color=\u00bb#efa300&#8243; header_3_font_size=\u00bb32px\u00bb header_3_text_shadow_style=\u00bbpreset1&#8243; global_colors_info=\u00bb{}\u00bb]<\/p>\n<h3>1<\/h3>\n<p>[\/et_pb_text][\/et_pb_column][et_pb_column type=\u00bb1_5&#8243; _builder_version=\u00bb4.11.2&#8243; _module_preset=\u00bbdefault\u00bb global_colors_info=\u00bb{}\u00bb][et_pb_text _builder_version=\u00bb4.11.2&#8243; _module_preset=\u00bbdefault\u00bb header_3_font=\u00bbLora|700|||||||\u00bb header_3_text_align=\u00bbleft\u00bb header_3_text_color=\u00bb#efa300&#8243; header_3_font_size=\u00bb32px\u00bb max_width=\u00bb748px\u00bb custom_padding=\u00bb|||0px||\u00bb header_3_text_shadow_style=\u00bbpreset1&#8243; global_colors_info=\u00bb{}\u00bb]<\/p>\n<h3>2<\/h3>\n<p>[\/et_pb_text][\/et_pb_column][et_pb_column type=\u00bb1_5&#8243; _builder_version=\u00bb4.11.2&#8243; _module_preset=\u00bbdefault\u00bb global_colors_info=\u00bb{}\u00bb][et_pb_text _builder_version=\u00bb4.11.2&#8243; _module_preset=\u00bb824e1b7e-91d4-4707-a764-90636df9c3f2&#8243; header_3_font=\u00bbLora|700|||||||\u00bb header_3_text_align=\u00bbleft\u00bb header_3_text_color=\u00bb#efa300&#8243; header_3_font_size=\u00bb32px\u00bb header_3_text_shadow_style=\u00bbpreset1&#8243; global_colors_info=\u00bb{}\u00bb]<\/p>\n<h3>3<\/h3>\n<p>[\/et_pb_text][\/et_pb_column][et_pb_column type=\u00bb1_5&#8243; _builder_version=\u00bb4.11.2&#8243; _module_preset=\u00bbdefault\u00bb global_colors_info=\u00bb{}\u00bb][et_pb_text _builder_version=\u00bb4.11.2&#8243; _module_preset=\u00bb824e1b7e-91d4-4707-a764-90636df9c3f2&#8243; header_3_font=\u00bbLora|700|||||||\u00bb header_3_text_align=\u00bbleft\u00bb header_3_text_color=\u00bb#efa300&#8243; header_3_font_size=\u00bb32px\u00bb header_3_text_shadow_style=\u00bbpreset1&#8243; global_colors_info=\u00bb{}\u00bb]<\/p>\n<h3>4<\/h3>\n<p>[\/et_pb_text][\/et_pb_column][et_pb_column type=\u00bb1_5&#8243; _builder_version=\u00bb4.11.2&#8243; _module_preset=\u00bbdefault\u00bb global_colors_info=\u00bb{}\u00bb][et_pb_text _builder_version=\u00bb4.11.2&#8243; _module_preset=\u00bb824e1b7e-91d4-4707-a764-90636df9c3f2&#8243; header_3_font=\u00bbLora|700|||||||\u00bb header_3_text_align=\u00bbleft\u00bb header_3_text_color=\u00bb#efa300&#8243; header_3_font_size=\u00bb32px\u00bb header_3_text_shadow_style=\u00bbpreset1&#8243; global_colors_info=\u00bb{}\u00bb]<\/p>\n<h3>5<\/h3>\n<p>[\/et_pb_text][\/et_pb_column][\/et_pb_row][et_pb_row column_structure=\u00bb1_5,1_5,1_5,1_5,1_5&#8243; _builder_version=\u00bb4.11.2&#8243; _module_preset=\u00bbdefault\u00bb width=\u00bb85%\u00bb max_width=\u00bb2560px\u00bb custom_margin=\u00bb-32px|auto||auto||\u00bb global_colors_info=\u00bb{}\u00bb][et_pb_column type=\u00bb1_5&#8243; _builder_version=\u00bb4.11.2&#8243; _module_preset=\u00bbdefault\u00bb global_colors_info=\u00bb{}\u00bb][et_pb_text _builder_version=\u00bb4.11.2&#8243; _module_preset=\u00bb824e1b7e-91d4-4707-a764-90636df9c3f2&#8243; header_4_font=\u00bbLora||||||||\u00bb header_4_text_align=\u00bbjustify\u00bb header_4_text_color=\u00bb#747d88&#8243; header_4_font_size=\u00bb14px\u00bb header_4_line_height=\u00bb1.5em\u00bb width=\u00bb100%\u00bb custom_margin=\u00bb|-122px||||\u00bb custom_padding=\u00bb|0px||||\u00bb global_colors_info=\u00bb{}\u00bb]<\/p>\n<h4>Impulsar la competitividad a trav\u00e9s de la construcci\u00f3n de iniciativas cl\u00faster que promuevan estrategias de articulaci\u00f3n productiva involucrando a todos los actores de la cadena.<\/h4>\n<p>[\/et_pb_text][\/et_pb_column][et_pb_column type=\u00bb1_5&#8243; _builder_version=\u00bb4.11.2&#8243; _module_preset=\u00bbdefault\u00bb global_colors_info=\u00bb{}\u00bb][et_pb_text _builder_version=\u00bb4.11.2&#8243; _module_preset=\u00bb824e1b7e-91d4-4707-a764-90636df9c3f2&#8243; header_4_font=\u00bbLora||||||||\u00bb header_4_text_align=\u00bbjustify\u00bb header_4_text_color=\u00bb#747d88&#8243; header_4_font_size=\u00bb14px\u00bb header_4_line_height=\u00bb1.5em\u00bb width=\u00bb100%\u00bb custom_margin=\u00bb|-122px||||\u00bb custom_padding=\u00bb|0px||||\u00bb global_colors_info=\u00bb{}\u00bb]<\/p>\n<h4>Impulsar que los cl\u00fasteres se conviertan en una escuela de estrategias.<\/h4>\n<p>[\/et_pb_text][\/et_pb_column][et_pb_column type=\u00bb1_5&#8243; _builder_version=\u00bb4.11.2&#8243; _module_preset=\u00bbdefault\u00bb global_colors_info=\u00bb{}\u00bb][et_pb_text _builder_version=\u00bb4.11.2&#8243; _module_preset=\u00bb824e1b7e-91d4-4707-a764-90636df9c3f2&#8243; header_4_font=\u00bbLora||||||||\u00bb header_4_text_align=\u00bbjustify\u00bb header_4_text_color=\u00bb#747d88&#8243; header_4_font_size=\u00bb14px\u00bb header_4_line_height=\u00bb1.5em\u00bb width=\u00bb100%\u00bb custom_margin=\u00bb|-122px||||\u00bb custom_padding=\u00bb|0px||||\u00bb global_colors_info=\u00bb{}\u00bb]<\/p>\n<h4>Articular acciones p\u00fablico privadas que permitan el fortalecimiento de la competitividad de los sectores productivos.<\/h4>\n<p>[\/et_pb_text][\/et_pb_column][et_pb_column type=\u00bb1_5&#8243; _builder_version=\u00bb4.11.2&#8243; _module_preset=\u00bbdefault\u00bb global_colors_info=\u00bb{}\u00bb][et_pb_text _builder_version=\u00bb4.11.2&#8243; _module_preset=\u00bb824e1b7e-91d4-4707-a764-90636df9c3f2&#8243; header_4_font=\u00bbLora||||||||\u00bb header_4_text_align=\u00bbjustify\u00bb header_4_text_color=\u00bb#747d88&#8243; header_4_font_size=\u00bb14px\u00bb header_4_line_height=\u00bb1.5em\u00bb width=\u00bb100%\u00bb custom_margin=\u00bb|-122px||||\u00bb custom_padding=\u00bb|0px||||\u00bb global_colors_info=\u00bb{}\u00bb]<\/p>\n<h4>Convertir a los cl\u00fasteres en el espacio para el fortalecimiento de la cadena a trav\u00e9s de procesos de innovaci\u00f3n, fomento de capacidades y acceso a mercados internacionales que garanticen procesos sostenibles.<\/h4>\n<p>[\/et_pb_text][\/et_pb_column][et_pb_column type=\u00bb1_5&#8243; _builder_version=\u00bb4.11.2&#8243; _module_preset=\u00bbdefault\u00bb global_colors_info=\u00bb{}\u00bb][et_pb_text _builder_version=\u00bb4.11.2&#8243; _module_preset=\u00bb824e1b7e-91d4-4707-a764-90636df9c3f2&#8243; header_4_font=\u00bbLora||||||||\u00bb header_4_text_align=\u00bbjustify\u00bb header_4_text_color=\u00bb#747d88&#8243; header_4_font_size=\u00bb14px\u00bb header_4_line_height=\u00bb1.5em\u00bb width=\u00bb100%\u00bb custom_margin=\u00bb|-122px||||\u00bb custom_padding=\u00bb|0px||||\u00bb global_colors_info=\u00bb{}\u00bb]<\/p>\n<h4>Promover la institucionalizaci\u00f3n de las iniciativas cl\u00fasteres como pol\u00edtica p\u00fablica.<\/h4>\n<p>[\/et_pb_text][\/et_pb_column][\/et_pb_row][\/et_pb_section][et_pb_section fb_built=\u00bb1&#8243; fullwidth=\u00bbon\u00bb _builder_version=\u00bb4.11.2&#8243; _module_preset=\u00bbdefault\u00bb top_divider_color=\u00bb#ffffff\u00bb bottom_divider_style=\u00bbarrow3&#8243; bottom_divider_color=\u00bb#ffffff\u00bb global_colors_info=\u00bb{}\u00bb][et_pb_fullwidth_header _builder_version=\u00bb4.11.2&#8243; _module_preset=\u00bbdefault\u00bb background_color=\u00bb#dd862a\u00bb global_colors_info=\u00bb{}\u00bb][\/et_pb_fullwidth_header][\/et_pb_section][et_pb_section fb_built=\u00bb1&#8243; _builder_version=\u00bb4.11.2&#8243; _module_preset=\u00bbdefault\u00bb global_colors_info=\u00bb{}\u00bb][et_pb_row column_structure=\u00bb3_4,1_4&#8243; _builder_version=\u00bb4.11.2&#8243; _module_preset=\u00bbdefault\u00bb custom_padding=\u00bb||0px|||\u00bb global_colors_info=\u00bb{}\u00bb][et_pb_column type=\u00bb3_4&#8243; _builder_version=\u00bb4.11.2&#8243; _module_preset=\u00bbdefault\u00bb global_colors_info=\u00bb{}\u00bb][et_pb_image src=\u00bbhttp:\/\/clusterec.produccion.gob.ec\/wp-content\/uploads\/2025\/10\/clusters-micrositio-21.jpg\u00bb title_text=\u00bbclusters micrositio-21&#8243; _builder_version=\u00bb4.11.2&#8243; _module_preset=\u00bbdefault\u00bb width=\u00bb89%\u00bb max_width=\u00bb85%\u00bb custom_margin=\u00bb|68px||||\u00bb custom_padding=\u00bb|0px||||\u00bb global_colors_info=\u00bb{}\u00bb][\/et_pb_image][\/et_pb_column][et_pb_column type=\u00bb1_4&#8243; _builder_version=\u00bb4.11.2&#8243; _module_preset=\u00bbdefault\u00bb global_colors_info=\u00bb{}\u00bb][et_pb_text _builder_version=\u00bb4.11.2&#8243; _module_preset=\u00bbdefault\u00bb header_2_font=\u00bbLora|700|||||||\u00bb header_2_text_align=\u00bbcenter\u00bb header_2_text_color=\u00bb#efa300&#8243; header_2_font_size=\u00bb30px\u00bb max_width=\u00bb758px\u00bb min_height=\u00bb225.8px\u00bb custom_margin=\u00bb|135px|83px|-23px||\u00bb custom_padding=\u00bb182px|50px||0px||\u00bb global_colors_info=\u00bb{}\u00bb]<\/p>\n<h2>\u00bfQu\u00e9 no es un cl\u00faster?<\/h2>\n<p>[\/et_pb_text][\/et_pb_column][\/et_pb_row][et_pb_row column_structure=\u00bb2_5,3_5&#8243; _builder_version=\u00bb4.11.2&#8243; _module_preset=\u00bbdefault\u00bb custom_padding=\u00bb||0px|||\u00bb global_colors_info=\u00bb{}\u00bb][et_pb_column type=\u00bb2_5&#8243; _builder_version=\u00bb4.11.2&#8243; _module_preset=\u00bbdefault\u00bb global_colors_info=\u00bb{}\u00bb][et_pb_text _builder_version=\u00bb4.11.2&#8243; _module_preset=\u00bbdefault\u00bb header_2_font=\u00bbLora|700|||||||\u00bb header_2_text_align=\u00bbcenter\u00bb header_2_text_color=\u00bb#efa300&#8243; header_2_font_size=\u00bb30px\u00bb min_height=\u00bb225.8px\u00bb custom_margin=\u00bb|135px|83px|||\u00bb custom_padding=\u00bb163px|50px|0px|30px||\u00bb global_colors_info=\u00bb{}\u00bb]<\/p>\n<h2>Actores de la Agenda Nacional de Cl\u00fasteres<\/h2>\n<h2><\/h2>\n<p>[\/et_pb_text][\/et_pb_column][et_pb_column type=\u00bb3_5&#8243; _builder_version=\u00bb4.11.2&#8243; _module_preset=\u00bbdefault\u00bb global_colors_info=\u00bb{}\u00bb][et_pb_image src=\u00bbhttp:\/\/clusterec.produccion.gob.ec\/wp-content\/uploads\/2025\/10\/clusters-micrositio-23.jpg\u00bb title_text=\u00bbclusters micrositio-23&#8243; _builder_version=\u00bb4.11.2&#8243; _module_preset=\u00bbdefault\u00bb width=\u00bb94.4%\u00bb global_colors_info=\u00bb{}\u00bb][\/et_pb_image][\/et_pb_column][\/et_pb_row][\/et_pb_section][et_pb_section fb_built=\u00bb1&#8243; admin_label=\u00bbFooter Section\u00bb _builder_version=\u00bb4.11.2&#8243; background_color=\u00bbRGBA(0,0,0,0)\u00bb use_background_color_gradient=\u00bbon\u00bb background_color_gradient_start=\u00bbrgba(0,0,0,0)\u00bb background_color_gradient_end=\u00bbrgba(35,34,32,0.13)\u00bb background_color_gradient_start_position=\u00bb25%\u00bb background_color_gradient_overlays_image=\u00bbon\u00bb background_image=\u00bbhttp:\/\/clusterec.produccion.gob.ec\/wp-content\/uploads\/2025\/06\/Fondo-1.jpg\u00bb custom_padding=\u00bb80px|0px|80px|0px|true|false\u00bb saved_tabs=\u00bball\u00bb global_colors_info=\u00bb{}\u00bb][et_pb_row column_structure=\u00bb1_4,1_2,1_4&#8243; admin_label=\u00bbSubscribe\u00bb _builder_version=\u00bb3.25&#8243; custom_margin=\u00bb|||\u00bb custom_padding=\u00bb|||\u00bb animation_style=\u00bbzoom\u00bb animation_intensity_zoom=\u00bb5%\u00bb global_colors_info=\u00bb{}\u00bb][et_pb_column type=\u00bb1_4&#8243; _builder_version=\u00bb3.25&#8243; custom_padding=\u00bb|||\u00bb global_colors_info=\u00bb{}\u00bb custom_padding__hover=\u00bb|||\u00bb][\/et_pb_column][et_pb_column type=\u00bb1_2&#8243; _builder_version=\u00bb3.25&#8243; custom_padding=\u00bb|||\u00bb global_colors_info=\u00bb{}\u00bb custom_padding__hover=\u00bb|||\u00bb][et_pb_signup mailchimp_list=\u00bbSlavaET|03dac884f0&#8243; first_name_field=\u00bboff\u00bb last_name_field=\u00bboff\u00bb button_text=\u00bbCont\u00e1ctanos\u00bb description=\u00bb<\/p>\n<p>Si te interesa colaborar con la Agenda Nacional de Cl\u00fasteres, deja tu correo y nosotros te contactaremos:<\/p>\n<p>\u00bb _builder_version=\u00bb4.11.2&#8243; form_field_background_color=\u00bbrgba(255,255,255,0.24)\u00bb form_field_text_color=\u00bb#ffffff\u00bb form_field_focus_background_color=\u00bb#ffffff\u00bb form_field_focus_text_color=\u00bb#000000&#8243; header_font=\u00bbLora|700|||||||\u00bb header_font_size=\u00bb50px\u00bb header_line_height=\u00bb1.5em\u00bb body_font=\u00bbLora||||||||\u00bb body_font_size=\u00bb18px\u00bb body_line_height=\u00bb2em\u00bb result_message_font=\u00bb||||||||\u00bb use_background_color=\u00bboff\u00bb custom_button=\u00bbon\u00bb button_text_size=\u00bb16px\u00bb button_text_color=\u00bb#000000&#8243; button_bg_color=\u00bb#d29f68&#8243; button_border_width=\u00bb15px\u00bb button_border_color=\u00bbrgba(210,159,104,0)\u00bb button_border_radius=\u00bb59px\u00bb button_letter_spacing=\u00bb3px\u00bb button_font=\u00bbOswald|||on|||||\u00bb button_use_icon=\u00bboff\u00bb text_orientation=\u00bbcenter\u00bb background_layout=\u00bblight\u00bb header_font_size_tablet=\u00bb\u00bb header_font_size_phone=\u00bb36px\u00bb header_font_size_last_edited=\u00bbon|desktop\u00bb border_radii_fields=\u00bbon|30px|30px|30px|30px\u00bb button_bg_color_hover=\u00bb#cc8d66&#8243; focus_background_color=\u00bb#ffffff\u00bb focus_text_color=\u00bb#000000&#8243; global_colors_info=\u00bb{}\u00bb button_text_size__hover_enabled=\u00bboff\u00bb button_one_text_size__hover_enabled=\u00bboff\u00bb button_two_text_size__hover_enabled=\u00bboff\u00bb button_text_color__hover_enabled=\u00bboff\u00bb button_one_text_color__hover_enabled=\u00bboff\u00bb button_two_text_color__hover_enabled=\u00bboff\u00bb button_border_width__hover_enabled=\u00bboff\u00bb button_one_border_width__hover_enabled=\u00bboff\u00bb button_two_border_width__hover_enabled=\u00bboff\u00bb button_border_color__hover_enabled=\u00bboff\u00bb button_one_border_color__hover_enabled=\u00bboff\u00bb button_two_border_color__hover_enabled=\u00bboff\u00bb button_border_radius__hover_enabled=\u00bboff\u00bb button_one_border_radius__hover_enabled=\u00bboff\u00bb button_two_border_radius__hover_enabled=\u00bboff\u00bb button_letter_spacing__hover_enabled=\u00bboff\u00bb button_one_letter_spacing__hover_enabled=\u00bboff\u00bb button_two_letter_spacing__hover_enabled=\u00bboff\u00bb button_bg_color__hover_enabled=\u00bbon\u00bb button_bg_color__hover=\u00bb#cc8d66&#8243; button_one_bg_color__hover_enabled=\u00bboff\u00bb button_two_bg_color__hover_enabled=\u00bboff\u00bb][\/et_pb_signup][et_pb_social_media_follow _builder_version=\u00bb3.3&#8243; text_orientation=\u00bbcenter\u00bb custom_margin=\u00bb100px|||\u00bb global_colors_info=\u00bb{}\u00bb][et_pb_social_media_follow_network social_network=\u00bbfacebook\u00bb _builder_version=\u00bb3.0.105&#8243; background_color=\u00bbrgba(255,255,255,0.1)\u00bb custom_margin=\u00bb|10px||10px\u00bb custom_padding=\u00bb20px|20px|20px|20px\u00bb border_radii=\u00bbon|50px|50px|50px|50px\u00bb global_colors_info=\u00bb{}\u00bb follow_button=\u00bboff\u00bb url_new_window=\u00bbon\u00bb]facebook[\/et_pb_social_media_follow_network][et_pb_social_media_follow_network social_network=\u00bbtwitter\u00bb _builder_version=\u00bb3.0.105&#8243; background_color=\u00bbrgba(255,255,255,0.1)\u00bb custom_margin=\u00bb|10px||10px\u00bb custom_padding=\u00bb20px|20px|20px|20px\u00bb border_radii=\u00bbon|50px|50px|50px|50px\u00bb global_colors_info=\u00bb{}\u00bb follow_button=\u00bboff\u00bb url_new_window=\u00bbon\u00bb]twitter[\/et_pb_social_media_follow_network][et_pb_social_media_follow_network social_network=\u00bbinstagram\u00bb _builder_version=\u00bb3.0.105&#8243; background_color=\u00bbrgba(255,255,255,0.1)\u00bb custom_margin=\u00bb|10px||10px\u00bb custom_padding=\u00bb20px|20px|20px|20px\u00bb border_radii=\u00bbon|50px|50px|50px|50px\u00bb global_colors_info=\u00bb{}\u00bb follow_button=\u00bboff\u00bb url_new_window=\u00bbon\u00bb]instagram[\/et_pb_social_media_follow_network][et_pb_social_media_follow_network social_network=\u00bbyoutube\u00bb _builder_version=\u00bb3.0.105&#8243; background_color=\u00bbrgba(255,255,255,0.1)\u00bb custom_margin=\u00bb|10px||10px\u00bb custom_padding=\u00bb20px|20px|20px|20px\u00bb border_radii=\u00bbon|50px|50px|50px|50px\u00bb global_colors_info=\u00bb{}\u00bb follow_button=\u00bboff\u00bb url_new_window=\u00bbon\u00bb]youtube[\/et_pb_social_media_follow_network][et_pb_social_media_follow_network social_network=\u00bbgoogle-plus\u00bb _builder_version=\u00bb3.0.105&#8243; background_color=\u00bbrgba(255,255,255,0.1)\u00bb custom_margin=\u00bb|10px||10px\u00bb custom_padding=\u00bb20px|20px|20px|20px\u00bb border_radii=\u00bbon|50px|50px|50px|50px\u00bb global_colors_info=\u00bb{}\u00bb follow_button=\u00bboff\u00bb url_new_window=\u00bbon\u00bb]google-plus[\/et_pb_social_media_follow_network][\/et_pb_social_media_follow][\/et_pb_column][et_pb_column type=\u00bb1_4&#8243; _builder_version=\u00bb3.25&#8243; custom_padding=\u00bb|||\u00bb global_colors_info=\u00bb{}\u00bb custom_padding__hover=\u00bb|||\u00bb][\/et_pb_column][\/et_pb_row][\/et_pb_section][et_pb_section fb_built=\u00bb1&#8243; fullwidth=\u00bbon\u00bb _builder_version=\u00bb4.11.2&#8243; _module_preset=\u00bbdefault\u00bb hover_enabled=\u00bb0&#8243; global_colors_info=\u00bb{}\u00bb sticky_enabled=\u00bb0&#8243;][et_pb_fullwidth_image src=\u00bbhttp:\/\/clusterec.produccion.gob.ec\/wp-content\/uploads\/2026\/04\/footer-1024&#215;46-2.jpg\u00bb title_text=\u00bbfooter-1024&#215;46&#8243; _builder_version=\u00bb4.11.2&#8243; _module_preset=\u00bbdefault\u00bb hover_enabled=\u00bb0&#8243; global_colors_info=\u00bb{}\u00bb admin_label=\u00bbImagen de anchura completa\u00bb sticky_enabled=\u00bb0&#8243;][\/et_pb_fullwidth_image][\/et_pb_section]<\/p>\n","protected":false},"excerpt":{"rendered":"<p>La Agenda Nacional de Cl\u00fasteres del Ecuador es una pol\u00edtica p\u00fablica que impulsa la articulaci\u00f3n productiva y la innovaci\u00f3n mediante la conformaci\u00f3n de cl\u00fasteres sectoriales estrat\u00e9gicos. Su objetivo es fortalecer la competitividad, diversificaci\u00f3n y sostenibilidad de la econom\u00eda nacional.MISI\u00d3N Mejorar los niveles de competitividad de los diferentes ecosistemas del sector productivo mediante la colaboraci\u00f3n p\u00fablico-privada, [&hellip;]<\/p>\n","protected":false},"author":1,"featured_media":0,"parent":0,"menu_order":0,"comment_status":"closed","ping_status":"closed","template":"","meta":{"_et_pb_use_builder":"on","_et_pb_old_content":"","_et_gb_content_width":""},"_links":{"self":[{"href":"http:\/\/clusterec.produccion.gob.ec\/index.php?rest_route=\/wp\/v2\/pages\/2850"}],"collection":[{"href":"http:\/\/clusterec.produccion.gob.ec\/index.php?rest_route=\/wp\/v2\/pages"}],"about":[{"href":"http:\/\/clusterec.produccion.gob.ec\/index.php?rest_route=\/wp\/v2\/types\/page"}],"author":[{"embeddable":true,"href":"http:\/\/clusterec.produccion.gob.ec\/index.php?rest_route=\/wp\/v2\/users\/1"}],"replies":[{"embeddable":true,"href":"http:\/\/clusterec.produccion.gob.ec\/index.php?rest_route=%2Fwp%2Fv2%2Fcomments&post=2850"}],"version-history":[{"count":20,"href":"http:\/\/clusterec.produccion.gob.ec\/index.php?rest_route=\/wp\/v2\/pages\/2850\/revisions"}],"predecessor-version":[{"id":4568,"href":"http:\/\/clusterec.produccion.gob.ec\/index.php?rest_route=\/wp\/v2\/pages\/2850\/revisions\/4568"}],"wp:attachment":[{"href":"http:\/\/clusterec.produccion.gob.ec\/index.php?rest_route=%2Fwp%2Fv2%2Fmedia&parent=2850"}],"curies":[{"name":"wp","href":"https:\/\/api.w.org\/{rel}","templated":true}]}}